{"id":15,"date":"2017-09-12T14:52:53","date_gmt":"2017-09-12T14:52:53","guid":{"rendered":"http:\/\/www.o-s-s.org\/?page_id=15"},"modified":"2024-07-21T14:00:02","modified_gmt":"2024-07-21T13:00:02","slug":"fundador","status":"publish","type":"page","link":"https:\/\/www.o-s-s.org\/es\/fundador\/","title":{"rendered":"\u00c1ngel Borrego Cubero"},"content":{"rendered":"<h4><img loading=\"lazy\" decoding=\"async\" class=\"size-medium wp-image-2307 alignleft\" src=\"http:\/\/www.o-s-s.org\/wp-content\/uploads\/2017\/09\/Angel-Borrego-Cubero-\u00a9-Simona-Rota_2014_cuadrada-450x450.jpg\" alt=\"Angel-Borrego-Cubero-\u00a9-Simona-Rota_2014_cuadrada\" width=\"450\" height=\"450\" srcset=\"https:\/\/www.o-s-s.org\/wp-content\/uploads\/2017\/09\/Angel-Borrego-Cubero-\u00a9-Simona-Rota_2014_cuadrada-450x450.jpg 450w, https:\/\/www.o-s-s.org\/wp-content\/uploads\/2017\/09\/Angel-Borrego-Cubero-\u00a9-Simona-Rota_2014_cuadrada-150x150.jpg 150w, https:\/\/www.o-s-s.org\/wp-content\/uploads\/2017\/09\/Angel-Borrego-Cubero-\u00a9-Simona-Rota_2014_cuadrada-768x768.jpg 768w, https:\/\/www.o-s-s.org\/wp-content\/uploads\/2017\/09\/Angel-Borrego-Cubero-\u00a9-Simona-Rota_2014_cuadrada.jpg 800w\" sizes=\"auto, (max-width: 450px) 100vw, 450px\" \/>\u00a0\u00c1ngel Borrego Cubero (Llerena, 1967)<\/h4>\n<p>Arquitecto Doctor por la Escuela T\u00e9cnica Superior de Arquitectura de Madrid ETSAM, MArch por la School of Architecture de la Universidad de Princeton (EE.UU.) donde fue becario Fulbright.<\/p>\n<p>\u00c1ngel Borrego Cubero cuenta con una <strong>trayectoria docente de m\u00e1s de veinte a\u00f1os<\/strong> durante la cual ha ense\u00f1ado proyectos de arquitectura en la Universidad de Princeton, en el Pratt Institute de Nueva York, la Universidad de Alicante, la Universidad Keio de Tokyo, Hong Kong Design Institute y, desde 2001 al 2022, en la Escuela T\u00e9cnica Superior de Arquitectura de la Universidad Polit\u00e9cnica de Madrid.<\/p>\n<p>En 1999 funda Office for Strategic Spaces \u2013 Open Source Space (OSS), oficina de arquitectura, arte y activismo urbano con sede en Madrid. Para detalles sobre los proyectos de OSS, ver <a href=\"https:\/\/www.o-s-s.org\/es\/el-estudio\/\">Estudio<\/a>.\u00a0Por Factoria Cultural Matadero Madrid,\u00a0ha ganado el <strong>Premio COAM 2015 con Menci\u00f3n Especial<\/strong> del Colegio Oficial de Arquitectos de Madrid as\u00ed como el <strong>Premio al Mejor Proyecto de Rehabilitaci\u00f3n de los Premios NAN de Arquitectura y Construcci\u00f3n 2016. <\/strong>Tambi\u00e9n ha recibido el Tercer Premio en los Rethinking The Future Sustainability Awards 2016, categor\u00eda Oficinas. Ha sido elegido entre los 20 finalistas de la XIII Bienal Espa\u00f1ola de Arquitectura 2016 y entre los 15 finalistas del Premio Europeo de Intervenci\u00f3n en el Patrimonio Arquitect\u00f3nico 2019. Ha sido nominado al Premio Europeo de Arquitectura Contempor\u00e1nea Mies van der Rohe 2014 y ha sido seleccionado para exponer en el Pabell\u00f3n Espa\u00f1ol, ganador del Le\u00f3n de Oro en la XV Bienal de Venecia. \u00a0Por su documental\u00a0The\u00a0Competition\u00a0ha sido reconocido, entre otros, con el <strong>Primer Premio COAM 2014<\/strong> del Colegio Oficial de Arquitectos de Madrid y con el <strong>Premio Difusi\u00f3n de Arquitectura de la XIII Bienal Espa\u00f1ola de Arquitectura y Urbanismo 2016. <\/strong>Por\u00a0el proyecto de investigaci\u00f3n Historia de la Escuela. Una historia oral de la Escuela T\u00e9cnica Superior de Arquitectura de Madrid, ha ganado\u00a0el <strong>Premio Investigaci\u00f3n de la XIII Bienal Espa\u00f1ola de Arquitectura y Urbanismo 2016.<\/strong><\/p>\n<p>Si bien de formaci\u00f3n arquitecto, \u00c1ngel Borrego Cubero ha ido construyendo una producci\u00f3n al cruce de la arquitectura con temas tales como la condici\u00f3n urbana contempor\u00e1nea, las relaciones entre el espacio privado y p\u00fablico, la violencia, la vigilancia, las ficciones en arquitectura, etc. Sirviendose principalmente de instalaciones site specific, de new media e instalaciones de v\u00eddeo, sus trabajos han sido expuestos en el Centro Nacional de Arte y Naturaleza CDAN de Huesca,<strong> el Museo Nacional de Arte Moderno Reina Sof\u00eda, en el Centro de Creaci\u00f3n Contempor\u00e1nea Matadero Madrid, <\/strong>en el centro de arte LABoral de Gij\u00f3n, en el Centro de Arte Contempor\u00e1neo ARTIUM de Vitoria, en la Feria de Arte ARCO Madrid, en galer\u00edas y festivales de Espa\u00f1a, Alemania, Reino Unido, B\u00e9lgica, Estados Unidos, Argentina etc.<\/p>\n<p>Angel Borrego Cubero es tambi\u00e9n el director de la pel\u00edcula documental\u00a0<strong>The Competition<\/strong>, realizada tras cuatro a\u00f1os de documentaci\u00f3n sobre el proceso de los concursos de arquitectura. <strong>La pel\u00edcula ha sido pre-estrenada mundialmente en la apertura del\u00a0Festival de Film y Arquitectura de Rotterdam de 2013, delante de 500 espectadores<\/strong>, pero ha sido finalizada y estrenada en Espa\u00f1a, en la Filmoteca de Madrid en 2014.<\/p>\n<p>En 2023, \u00c1ngel Borrego Cubero ha sido seleccionado por la<strong> XVIII Biennale di Venezia, comisariada por Lesley Lokko, \u00a0para dirigir el documental sobre el primer \u00a0<\/strong><i><strong>Biennale Architettura College<\/strong>.<\/i><\/p>\n<p>Lee m\u00e1s sobre Angel Borrego Cubero en\u00a0<a href=\"https:\/\/www.nytimes.com\/roomfordebate\/2014\/07\/28\/are-the-star-architects-ruining-cities-9\/for-new-york-architecture-whats-local-is-global\">The New York Times<\/a>,\u00a0<a href=\"https:\/\/www.theguardian.com\/artanddesign\/architecture-design-blog\/2014\/may\/08\/the-competition-film-shows-how-starchitects-really-work\">The Guardian<\/a>,\u00a0<a href=\"https:\/\/elpais.com\/cultura\/2014\/03\/02\/actualidad\/1393784387_445869.html\">El Pais<\/a>,\u00a0<a href=\"https:\/\/elpais.com\/elpais\/2015\/04\/27\/del_tirador_a_la_ciudad\/1430114460_143011.html\">El Pais Blogs.<\/a><\/p>\n","protected":false},"excerpt":{"rendered":"<p>\u00a0\u00c1ngel Borrego Cubero (Llerena, 1967) Arquitecto Doctor por la Escuela T\u00e9cnica Superior de Arquitectura de Madrid ETSAM, MArch por la School of Architecture de la Universidad de Princeton (EE.UU.) donde fue becario Fulbright. \u00c1ngel Borrego Cubero cuenta con una trayectoria docente de m\u00e1s de veinte a\u00f1os durante la cual ha ense\u00f1ado proyectos de arquitectura en [&hellip;]<\/p>\n","protected":false},"author":2,"featured_media":0,"parent":0,"menu_order":0,"comment_status":"closed","ping_status":"closed","template":"","meta":{"_acf_changed":false,"footnotes":""},"class_list":["post-15","page","type-page","status-publish","hentry"],"acf":[],"yoast_head":"<!-- This site is optimized with the Yoast SEO plugin v27.5 - https:\/\/yoast.com\/product\/yoast-seo-wordpress\/ -->\n<title>\u00c1ngel Borrego Cubero - Office for Strategic Spaces<\/title>\n<meta name=\"robots\" content=\"index, follow, max-snippet:-1, max-image-preview:large, max-video-preview:-1\" \/>\n<link rel=\"canonical\" href=\"https:\/\/www.o-s-s.org\/es\/fundador\/\" \/>\n<meta property=\"og:locale\" content=\"es_ES\" \/>\n<meta property=\"og:type\" content=\"article\" \/>\n<meta property=\"og:title\" content=\"\u00c1ngel Borrego Cubero - Office for Strategic Spaces\" \/>\n<meta property=\"og:description\" content=\"\u00a0\u00c1ngel Borrego Cubero (Llerena, 1967) Arquitecto Doctor por la Escuela T\u00e9cnica Superior de Arquitectura de Madrid ETSAM, MArch por la School of Architecture de la Universidad de Princeton (EE.UU.) donde fue becario Fulbright. \u00c1ngel Borrego Cubero cuenta con una trayectoria docente de m\u00e1s de veinte a\u00f1os durante la cual ha ense\u00f1ado proyectos de arquitectura en [&hellip;]\" \/>\n<meta property=\"og:url\" content=\"https:\/\/www.o-s-s.org\/es\/fundador\/\" \/>\n<meta property=\"og:site_name\" content=\"Office for Strategic Spaces\" \/>\n<meta property=\"article:publisher\" content=\"https:\/\/www.facebook.com\/StrategicSpaces\/\" \/>\n<meta property=\"article:modified_time\" content=\"2024-07-21T13:00:02+00:00\" \/>\n<meta name=\"twitter:card\" content=\"summary_large_image\" \/>\n<meta name=\"twitter:label1\" content=\"Tiempo de lectura\" \/>\n\t<meta name=\"twitter:data1\" content=\"3 minutos\" \/>\n<script type=\"application\/ld+json\" class=\"yoast-schema-graph\">{\"@context\":\"https:\\\/\\\/schema.org\",\"@graph\":[{\"@type\":\"WebPage\",\"@id\":\"https:\\\/\\\/www.o-s-s.org\\\/es\\\/fundador\\\/\",\"url\":\"https:\\\/\\\/www.o-s-s.org\\\/es\\\/fundador\\\/\",\"name\":\"\u00c1ngel Borrego Cubero - Office for Strategic Spaces\",\"isPartOf\":{\"@id\":\"https:\\\/\\\/www.o-s-s.org\\\/#website\"},\"datePublished\":\"2017-09-12T14:52:53+00:00\",\"dateModified\":\"2024-07-21T13:00:02+00:00\",\"breadcrumb\":{\"@id\":\"https:\\\/\\\/www.o-s-s.org\\\/es\\\/fundador\\\/#breadcrumb\"},\"inLanguage\":\"es\",\"potentialAction\":[{\"@type\":\"ReadAction\",\"target\":[\"https:\\\/\\\/www.o-s-s.org\\\/es\\\/fundador\\\/\"]}]},{\"@type\":\"BreadcrumbList\",\"@id\":\"https:\\\/\\\/www.o-s-s.org\\\/es\\\/fundador\\\/#breadcrumb\",\"itemListElement\":[{\"@type\":\"ListItem\",\"position\":1,\"name\":\"Portada\",\"item\":\"https:\\\/\\\/www.o-s-s.org\\\/es\\\/\"},{\"@type\":\"ListItem\",\"position\":2,\"name\":\"\u00c1ngel Borrego Cubero\"}]},{\"@type\":\"WebSite\",\"@id\":\"https:\\\/\\\/www.o-s-s.org\\\/#website\",\"url\":\"https:\\\/\\\/www.o-s-s.org\\\/\",\"name\":\"OSS Office for Strategic Spaces\",\"description\":\"Office for Strategic Spaces  I Arquitectura, Dise\u00f1o  &amp; Investigaci\u00f3n Urbana\",\"publisher\":{\"@id\":\"https:\\\/\\\/www.o-s-s.org\\\/#organization\"},\"potentialAction\":[{\"@type\":\"SearchAction\",\"target\":{\"@type\":\"EntryPoint\",\"urlTemplate\":\"https:\\\/\\\/www.o-s-s.org\\\/?s={search_term_string}\"},\"query-input\":{\"@type\":\"PropertyValueSpecification\",\"valueRequired\":true,\"valueName\":\"search_term_string\"}}],\"inLanguage\":\"es\"},{\"@type\":\"Organization\",\"@id\":\"https:\\\/\\\/www.o-s-s.org\\\/#organization\",\"name\":\"OSS Office for Strategic Spaces\",\"url\":\"https:\\\/\\\/www.o-s-s.org\\\/\",\"logo\":{\"@type\":\"ImageObject\",\"inLanguage\":\"es\",\"@id\":\"https:\\\/\\\/www.o-s-s.org\\\/#\\\/schema\\\/logo\\\/image\\\/\",\"url\":\"https:\\\/\\\/www.o-s-s.org\\\/wp-content\\\/uploads\\\/2017\\\/09\\\/logo-negro.png\",\"contentUrl\":\"https:\\\/\\\/www.o-s-s.org\\\/wp-content\\\/uploads\\\/2017\\\/09\\\/logo-negro.png\",\"width\":764,\"height\":48,\"caption\":\"OSS Office for Strategic Spaces\"},\"image\":{\"@id\":\"https:\\\/\\\/www.o-s-s.org\\\/#\\\/schema\\\/logo\\\/image\\\/\"},\"sameAs\":[\"https:\\\/\\\/www.facebook.com\\\/StrategicSpaces\\\/\",\"https:\\\/\\\/www.instagram.com\\\/officeforstrategicspaces\\\/\",\"https:\\\/\\\/www.youtube.com\\\/user\\\/strategicspaces\\\/\"]}]}<\/script>\n<!-- \/ Yoast SEO plugin. -->","yoast_head_json":{"title":"\u00c1ngel Borrego Cubero - Office for Strategic Spaces","robots":{"index":"index","follow":"follow","max-snippet":"max-snippet:-1","max-image-preview":"max-image-preview:large","max-video-preview":"max-video-preview:-1"},"canonical":"https:\/\/www.o-s-s.org\/es\/fundador\/","og_locale":"es_ES","og_type":"article","og_title":"\u00c1ngel Borrego Cubero - Office for Strategic Spaces","og_description":"\u00a0\u00c1ngel Borrego Cubero (Llerena, 1967) Arquitecto Doctor por la Escuela T\u00e9cnica Superior de Arquitectura de Madrid ETSAM, MArch por la School of Architecture de la Universidad de Princeton (EE.UU.) donde fue becario Fulbright. \u00c1ngel Borrego Cubero cuenta con una trayectoria docente de m\u00e1s de veinte a\u00f1os durante la cual ha ense\u00f1ado proyectos de arquitectura en [&hellip;]","og_url":"https:\/\/www.o-s-s.org\/es\/fundador\/","og_site_name":"Office for Strategic Spaces","article_publisher":"https:\/\/www.facebook.com\/StrategicSpaces\/","article_modified_time":"2024-07-21T13:00:02+00:00","twitter_card":"summary_large_image","twitter_misc":{"Tiempo de lectura":"3 minutos"},"schema":{"@context":"https:\/\/schema.org","@graph":[{"@type":"WebPage","@id":"https:\/\/www.o-s-s.org\/es\/fundador\/","url":"https:\/\/www.o-s-s.org\/es\/fundador\/","name":"\u00c1ngel Borrego Cubero - Office for Strategic Spaces","isPartOf":{"@id":"https:\/\/www.o-s-s.org\/#website"},"datePublished":"2017-09-12T14:52:53+00:00","dateModified":"2024-07-21T13:00:02+00:00","breadcrumb":{"@id":"https:\/\/www.o-s-s.org\/es\/fundador\/#breadcrumb"},"inLanguage":"es","potentialAction":[{"@type":"ReadAction","target":["https:\/\/www.o-s-s.org\/es\/fundador\/"]}]},{"@type":"BreadcrumbList","@id":"https:\/\/www.o-s-s.org\/es\/fundador\/#breadcrumb","itemListElement":[{"@type":"ListItem","position":1,"name":"Portada","item":"https:\/\/www.o-s-s.org\/es\/"},{"@type":"ListItem","position":2,"name":"\u00c1ngel Borrego Cubero"}]},{"@type":"WebSite","@id":"https:\/\/www.o-s-s.org\/#website","url":"https:\/\/www.o-s-s.org\/","name":"OSS Office for Strategic Spaces","description":"Office for Strategic Spaces  I Arquitectura, Dise\u00f1o  &amp; Investigaci\u00f3n Urbana","publisher":{"@id":"https:\/\/www.o-s-s.org\/#organization"},"potentialAction":[{"@type":"SearchAction","target":{"@type":"EntryPoint","urlTemplate":"https:\/\/www.o-s-s.org\/?s={search_term_string}"},"query-input":{"@type":"PropertyValueSpecification","valueRequired":true,"valueName":"search_term_string"}}],"inLanguage":"es"},{"@type":"Organization","@id":"https:\/\/www.o-s-s.org\/#organization","name":"OSS Office for Strategic Spaces","url":"https:\/\/www.o-s-s.org\/","logo":{"@type":"ImageObject","inLanguage":"es","@id":"https:\/\/www.o-s-s.org\/#\/schema\/logo\/image\/","url":"https:\/\/www.o-s-s.org\/wp-content\/uploads\/2017\/09\/logo-negro.png","contentUrl":"https:\/\/www.o-s-s.org\/wp-content\/uploads\/2017\/09\/logo-negro.png","width":764,"height":48,"caption":"OSS Office for Strategic Spaces"},"image":{"@id":"https:\/\/www.o-s-s.org\/#\/schema\/logo\/image\/"},"sameAs":["https:\/\/www.facebook.com\/StrategicSpaces\/","https:\/\/www.instagram.com\/officeforstrategicspaces\/","https:\/\/www.youtube.com\/user\/strategicspaces\/"]}]}},"_links":{"self":[{"href":"https:\/\/www.o-s-s.org\/es\/wp-json\/wp\/v2\/pages\/15","targetHints":{"allow":["GET"]}}],"collection":[{"href":"https:\/\/www.o-s-s.org\/es\/wp-json\/wp\/v2\/pages"}],"about":[{"href":"https:\/\/www.o-s-s.org\/es\/wp-json\/wp\/v2\/types\/page"}],"author":[{"embeddable":true,"href":"https:\/\/www.o-s-s.org\/es\/wp-json\/wp\/v2\/users\/2"}],"replies":[{"embeddable":true,"href":"https:\/\/www.o-s-s.org\/es\/wp-json\/wp\/v2\/comments?post=15"}],"version-history":[{"count":5,"href":"https:\/\/www.o-s-s.org\/es\/wp-json\/wp\/v2\/pages\/15\/revisions"}],"predecessor-version":[{"id":4313,"href":"https:\/\/www.o-s-s.org\/es\/wp-json\/wp\/v2\/pages\/15\/revisions\/4313"}],"wp:attachment":[{"href":"https:\/\/www.o-s-s.org\/es\/wp-json\/wp\/v2\/media?parent=15"}],"curies":[{"name":"wp","href":"https:\/\/api.w.org\/{rel}","templated":true}]}}