{"id":17,"date":"2017-09-12T14:53:08","date_gmt":"2017-09-12T14:53:08","guid":{"rendered":"http:\/\/www.o-s-s.org\/?page_id=17"},"modified":"2024-07-21T14:47:54","modified_gmt":"2024-07-21T13:47:54","slug":"el-estudio","status":"publish","type":"page","link":"https:\/\/www.o-s-s.org\/es\/el-estudio\/","title":{"rendered":"Estudio"},"content":{"rendered":"<p>Somos un estudio de arquitectura y arte con sede en Madrid, fundado en 1999 por \u00c1ngel Borrego Cubero. Combinamos servicios y proyectos profesionales con trabajos de investigaci\u00f3n, todos los cuales muestran nuestro activismo m\u00e1s o menos expl\u00edcito para una democracia m\u00e1s amplia y una participaci\u00f3n ciudadana informada, para una planificaci\u00f3n urbana y un mercado inmobiliario m\u00e1s inclusivos y socialmente responsables, y para un equilibrio cr\u00edtico y arquitect\u00f3nico entre necesidades de construcci\u00f3n, energ\u00eda y sostenibilidad.<\/p>\n<p>Hemos realizado <strong>Factoria Cultural Matadero Madrid<\/strong>, un proyecto de arquitectura reversible que reutiliza un antiguo espacio industrial existente para un centro de trabajo y producci\u00f3n de las industrias creativas. Por este proyecto, ganamos el Premio de Arquitectura COAM con Menci\u00f3n Especial 2015, el Premio NAN al Mejor Proyecto de Rehabilitaci\u00f3n 2016 y el tercer premio en los Rethinking The Future Sustainability Awards 2016, categor\u00eda Oficinas. El proyecto tambi\u00e9n fue seleccionado entre los 20 finalistas en la XIII Bienal Espa\u00f1ola de Arquitectura 2016, entre los 15 finalistas del Premio Europeo de Intervenci\u00f3n en el Patrimonio y fue nominado en el Premio Europeo de Arquitectura Contempor\u00e1nea Mies van der Rohe 2014. Hizo parte del Pabell\u00f3n Espa\u00f1ol, ganador del Le\u00f3n de Oro en la XV Biennale di Venezia 2016.<\/p>\n<p>En los concursos p\u00fablicos de arquitectura, ganamos entre otros, el <strong>primer premio en el concurso internacional del Registro Civil del Campus de Justicia Madrid <\/strong>(2007) donde arquitectos como Foster, Rogers, FOA de Zaera y Zaha Hadid tambi\u00e9n ganaron concursos para otros edificios del Campus. Tambi\u00e9n ganamos el segundo\u00a0premio en el Concurso para Usos M\u00faltiples AVE Zaragoza (2008) o el cuarto premio en el Concurso para el Espacio Mahou Madrid (2015).<\/p>\n<p>La participaci\u00f3n en concursos dio lugar a un proyecto de investigaci\u00f3n sobre los concursos en s\u00ed y su relaci\u00f3n con la profesi\u00f3n de la arquitectura, la participaci\u00f3n y la democracia. Es una investigaci\u00f3n en curso, iniciada con becas de la Fundaci\u00f3n Arte y Derecho VEGAP, del Gobierno de Andorra, de Creative Industries NL Funds, de la Universidad Polit\u00e9cnica de Madrid, etc., y que ha dado lugar a <strong>The Competition<\/strong>, el primer largometraje documental que presenta todo el proceso de un concurso de arquitectura desde el interior. El 10 de octubre de 2013, The Competition abri\u00f3 el Festival de Cine de Arquitectura de Rotterdam (AFFR), con un p\u00fablico de m\u00e1s de 500 personas. Desde entonces, la pel\u00edcula se ha mostrado en ciudades, universidades, centros de arquitectura y cultura de Europa, Australia, los Estados Unidos de Am\u00e9rica, Am\u00e9rica Latina y \u00c1frica y ha sido incluida en la Selecci\u00f3n Oficial de importantes festivales de cine. The Competition gan\u00f3 el Premio Difusi\u00f3n de Arquitectura en la XIII Bienal Espa\u00f1ola de Arquitectura, en 2016, y el Primer Premio en los Premios de Arquitectura COAM 2014.<\/p>\n<p>En colaboraci\u00f3n con la X-Clinic de Natalie Jeremijenko y la Universidad de Nueva York, dise\u00f1amos el prototipo de <strong>Urban Space Station<\/strong>, un invernadero avanzado capaz de alterar los edificios urbanos para mejorar la calidad de vida. Una versi\u00f3n a escala 40% de este prototipo fue construida y probada dentro de la exposici\u00f3n \u00abAlmas y M\u00e1quinas, Arte Digital y New Media\u00bb, realizada en 2008, en el Museo Nacional de Arte Reina Sof\u00eda de Madrid. En 2016, se construy\u00f3 un prototipo 1: 1 para la Trienal de Arte Emscherkunst, de Alemania. Colocado encima de un edificio existente, acoplado al aire acondicionado de los edificios circundantes, USS cre\u00f3 una circulaci\u00f3n de limpieza: el aire residual y el calor del edificio fueron filtrados por las plantas de su interior, se limpiaron y se enriquecieron con ox\u00edgeno antes de ser conducidos de vuelta al edificio.<\/p>\n<p>En OSS, llevamos a cabo la investigaci\u00f3n a largo plazo <strong>\u00a1Ensanche! \/ Pump Up Housing!,\u00a0<\/strong>un programa de rehabilitaci\u00f3n de bloques de viviendas, basado en nuestro propio software de asistencia a la decisi\u00f3n (<em>decision support software<\/em>). Inicialmente financiada por el Ministerio de Vivienda y por el Gobierno de Canarias, la investigaci\u00f3n cont\u00f3 con otras colaboraciones de universidades y de la administraci\u00f3n local. En 2012, este proyecto fue finalista en el Premio de Investigaci\u00f3n de la Bienal Iberoamericana de Arquitectura, finalista en el Festival Internacional de Arquitectura eme3 Bottom-Up y fue incluido en el Manifiesto AlterArchitectures del Observatorio de Pr\u00e1cticas y Procesos Innovadores de Arquitectura y Urbanismo en Europa.<\/p>\n<p>Desarrollamos el proyecto de investigaci\u00f3n\u00a0<strong>Mutant Bridges\/ Puentes Mutantes,<\/strong>\u00a0un estudio sobre la mono funcionalidad de las obras p\u00fablicas y su posible ocupaci\u00f3n. Junto\u00a0a Haruki Sato y Jorge Almaz\u00e1n de la Universidad Keio, nuestro fundador, \u00c1ngel Borrego Cubero, ha desarrollado el\u00a0proyecto\u00a0<strong>Satoyama Hills<\/strong>,\u00a0una investigaci\u00f3n que propone soluciones sostenibles para viviendas e infraestructuras en las areas afectadas por el tsunami de las costas de Jap\u00f3n.<\/p>\n<p>Hemos proyectado el <strong>Plan Director para Solar Decathlon Madrid 2010 <\/strong>as\u00ed como el<strong> Plan Director <\/strong>para \u00abOut of the Garage, Into the World\u00bb, parte de la <strong>Bienal 01 San Jos\u00e9 2010, <\/strong>en EEUU<strong>.\u00a0<\/strong>Hemos realizado dise\u00f1os expositivos para centros de arte como la\u00a0LABoral de Gij\u00f3n, el MUSAC de L\u00e9on, el Centro Cultural Conde Duque,\u00a0el Museo Nacional Reina Sofia y CentroCentro Cibeles de Madrid. Hemos dise\u00f1ado las zonas de descanso en la\u00a0<strong>Feria de Arte\u00a0Contempor\u00e1neo ARCO 2003\u00a0<\/strong>y<strong>\u00a0ARCO 2004,<\/strong> respectivamente<i>. <\/i>Hemos hecho viviendas unifamiliares como la\u00a0<strong>Casa en la playa de la familia Abad<\/strong><em>.<\/em><\/p>\n<p>Los trabajos de OSS fueron rese\u00f1ados y publicados en prensa general y en medios de arquitectura relevantes de todo el mundo: The Guardian (UK), Icon (UK), Volkskrant (NL), Clar\u00edn (AR), El Pa\u00eds (ES), Arquitectura Viva (ES), On Dise\u00f1o (ES), Bauwelt (DE), AIT (DE), Domus (IT), AMC (FR), Ecologik (FR), C3 (South Korea), Metropolis Magazine (USA), Architectural Record (US) etc.<\/p>\n<h3><\/h3>\n<h3>DIRECCI\u00d3N:<\/h3>\n<p><a href=\"https:\/\/www.o-s-s.org\/founder\/\">Angel Borrego Cubero<\/a><\/p>\n<h3>CLIENTES P\u00daBLICOS:<\/h3>\n<p><a href=\"https:\/\/www.ifema.es\/arco\/madrid\">eria Internacional de Arte Contempor\u00e1neo de Madrid &#8211; IFEMA \/ <\/a><a href=\"https:\/\/www.casaasia.eu\">Casa Asia \/ <\/a><a href=\"https:\/\/www.centrocentro.org\/\">CentroCentro &#8211; Madrid Destino\/ <\/a><a href=\"https:\/\/www.comunidad.madrid\">Comunidad de Madrid \u00a0\/ <\/a><a href=\"https:\/\/es.wikipedia.org\/wiki\/Factor\u00eda_cultural\">Factoria Cultural \u00a0\/ <\/a><a href=\"https:\/\/es.greenpeace.org\/es\/\">Greenpeace Espa\u00f1a \/ <\/a><a href=\"https:\/\/laboralcentrodearte.org\">LABoral Centro de Arte y Creaci\u00f3n Industrial \u00a0\/ <\/a><a href=\"https:\/\/musac.es\">MUSAC Museo de Arte Contempor\u00e1neo de Castilla y Le\u00f3n \/ <\/a><a href=\"https:\/\/www.museoreinasofia.es\">Museo Nacional Centro de Arte Reina Sofia<\/a><\/p>\n<h3>COLABORACIONES:<\/h3>\n<p>\u00c1balos&amp;Herreros \/ Jorge Almaz\u00e1n \/ Carolina Azcona \/ Sony Devabhaktuni \/ Montserrat Farr\u00e9s Catal\u00e1 (mmj arquitectes)\/ Angel Jaramillo \/ Natalie Jeremijenko \/ Jana Leo \/ Simon Lund \/ Estanislao P\u00e9rez Pita \/ Haruki Sato \/ Chris Sugrue<\/p>\n<h3>EQUIPO DE PROYECTOS:<\/h3>\n<p>Ana Isabel Alonso \/ Mar\u00eda Buey \/ Lara Caballero Salayero \/ Ursula Campana \/ Diego Col\u00f3n \/ Vanessa D\u00f6ning \/ Cristina Entero Arranz \/ Jon Espinosa \/ Pablo Fern\u00e1ndez Cueto \/ Marta Fran\u00e7ois Gazquez \/ Fran Gallardo \/ Marta Garc\u00eda \/ Loreto Garc\u00eda S\u00e1nchez \/ Noem\u00ed G\u00f3mez Lobo \/ Mart\u00edn Gonz\u00e1lez \/ Giuliana di Gregorio \/ C\u00e9sar Harada \/ Cristina Hortig\u00fcela \/ Elena Larriba \/ Elena Lozano Brackelmanns \/ Mar\u00eda L\u00f3pez Ferrero \/ Timoth\u00e9e Kazmierczak \/ Sof\u00eda Mar\u00edn \/ Diego Mart\u00edn S\u00e1nchez \/ Paula Mart\u00ednez \/ Eduardo Mart\u00ednez \u2013 Mediero Rubio\/ Juan Mateos \/ Pietro Pezzani \/ B\u00e1rbara Palacios Orozco \/ Mar\u00eda \u00c1ngeles Pe\u00f1alver Izaguirre\/ Alba R. Illanes \/ Patricia Ramos \/ Beatriz Riber L\u00f3pez \/ Pablo Rodr\u00edguez Parada \/ Sara Santos Casilllas \/ Eva Seijas \/ In\u00e9s Sell \/ G\u00e4el Urz\u00e1iz \/ Natalia Vera Vigaray \/ Sara Verd \/ Yao Zhihua<\/p>\n<h3>CONSULTORES:<\/h3>\n<p>Xavier Aguil\u00f3 i Aran (Estructuras, BAC Engineering) \/Carlos Alv\u00e1rez (Investigaci\u00f3n, Fundaci\u00f3n Innaxis) \/Xavier Aumedes (Arquitecto T\u00e9cnico, Arrevolt)\/ Petra Blaisse (Paisajismo, Inside Outside) \/ Ena Cardenal de la Nuez (Dise\u00f1o gr\u00e1fico) \/ Ignacio Fern\u00e1ndez Solla (Sostenibilidad, Ove Arup) \/ Mar\u00eda Fern\u00e1ndez Sabau (Cultura, Lord Culture) \/ Fernando Garc\u00eda Colorado (Sostenibilidad, Ove Arup) \/ Alex Ivancic (Sostenibilidad, Aiguasol) \/ Ignacio Madurga (Sostenibilidad) \/ Ricardo Mu\u00f1oz (Instalaciones, BG Ing\u00e9nieurs) \/ Simon Lund (Film &amp; V\u00eddeo) \/ Feike Reitsma (Estructuras hinchables, IASO) \u00a0\/ Simona Rota (Comunicaci\u00f3n y Prensa) \u00a0\/ Jaime Sal\u00f3 (Estructuras hinchables, IASO)\/ Cristina Thi\u00f3 (Estudio hist\u00f3rico, Chroma)<\/p>\n<h3><\/h3>\n","protected":false},"excerpt":{"rendered":"<p>Somos un estudio de arquitectura y arte con sede en Madrid, fundado en 1999 por \u00c1ngel Borrego Cubero. Combinamos servicios y proyectos profesionales con trabajos de investigaci\u00f3n, todos los cuales muestran nuestro activismo m\u00e1s o menos expl\u00edcito para una democracia m\u00e1s amplia y una participaci\u00f3n ciudadana informada, para una planificaci\u00f3n urbana y un mercado inmobiliario [&hellip;]<\/p>\n","protected":false},"author":2,"featured_media":0,"parent":0,"menu_order":0,"comment_status":"closed","ping_status":"closed","template":"","meta":{"_acf_changed":false,"footnotes":""},"class_list":["post-17","page","type-page","status-publish","hentry"],"acf":[],"yoast_head":"<!-- This site is optimized with the Yoast SEO plugin v27.5 - https:\/\/yoast.com\/product\/yoast-seo-wordpress\/ -->\n<title>Estudio - Office for Strategic Spaces<\/title>\n<meta name=\"robots\" content=\"index, follow, max-snippet:-1, max-image-preview:large, max-video-preview:-1\" \/>\n<link rel=\"canonical\" href=\"https:\/\/www.o-s-s.org\/es\/el-estudio\/\" \/>\n<meta property=\"og:locale\" content=\"es_ES\" \/>\n<meta property=\"og:type\" content=\"article\" \/>\n<meta property=\"og:title\" content=\"Estudio - Office for Strategic Spaces\" \/>\n<meta property=\"og:description\" content=\"Somos un estudio de arquitectura y arte con sede en Madrid, fundado en 1999 por \u00c1ngel Borrego Cubero. Combinamos servicios y proyectos profesionales con trabajos de investigaci\u00f3n, todos los cuales muestran nuestro activismo m\u00e1s o menos expl\u00edcito para una democracia m\u00e1s amplia y una participaci\u00f3n ciudadana informada, para una planificaci\u00f3n urbana y un mercado inmobiliario [&hellip;]\" \/>\n<meta property=\"og:url\" content=\"https:\/\/www.o-s-s.org\/es\/el-estudio\/\" \/>\n<meta property=\"og:site_name\" content=\"Office for Strategic Spaces\" \/>\n<meta property=\"article:publisher\" content=\"https:\/\/www.facebook.com\/StrategicSpaces\/\" \/>\n<meta property=\"article:modified_time\" content=\"2024-07-21T13:47:54+00:00\" \/>\n<meta name=\"twitter:card\" content=\"summary_large_image\" \/>\n<meta name=\"twitter:label1\" content=\"Tiempo de lectura\" \/>\n\t<meta name=\"twitter:data1\" content=\"6 minutos\" \/>\n<script type=\"application\/ld+json\" class=\"yoast-schema-graph\">{\"@context\":\"https:\\\/\\\/schema.org\",\"@graph\":[{\"@type\":\"WebPage\",\"@id\":\"https:\\\/\\\/www.o-s-s.org\\\/es\\\/el-estudio\\\/\",\"url\":\"https:\\\/\\\/www.o-s-s.org\\\/es\\\/el-estudio\\\/\",\"name\":\"Estudio - Office for Strategic Spaces\",\"isPartOf\":{\"@id\":\"https:\\\/\\\/www.o-s-s.org\\\/#website\"},\"datePublished\":\"2017-09-12T14:53:08+00:00\",\"dateModified\":\"2024-07-21T13:47:54+00:00\",\"breadcrumb\":{\"@id\":\"https:\\\/\\\/www.o-s-s.org\\\/es\\\/el-estudio\\\/#breadcrumb\"},\"inLanguage\":\"es\",\"potentialAction\":[{\"@type\":\"ReadAction\",\"target\":[\"https:\\\/\\\/www.o-s-s.org\\\/es\\\/el-estudio\\\/\"]}]},{\"@type\":\"BreadcrumbList\",\"@id\":\"https:\\\/\\\/www.o-s-s.org\\\/es\\\/el-estudio\\\/#breadcrumb\",\"itemListElement\":[{\"@type\":\"ListItem\",\"position\":1,\"name\":\"Portada\",\"item\":\"https:\\\/\\\/www.o-s-s.org\\\/es\\\/\"},{\"@type\":\"ListItem\",\"position\":2,\"name\":\"Estudio\"}]},{\"@type\":\"WebSite\",\"@id\":\"https:\\\/\\\/www.o-s-s.org\\\/#website\",\"url\":\"https:\\\/\\\/www.o-s-s.org\\\/\",\"name\":\"OSS Office for Strategic Spaces\",\"description\":\"Office for Strategic Spaces  I Arquitectura, Dise\u00f1o  &amp; Investigaci\u00f3n Urbana\",\"publisher\":{\"@id\":\"https:\\\/\\\/www.o-s-s.org\\\/#organization\"},\"potentialAction\":[{\"@type\":\"SearchAction\",\"target\":{\"@type\":\"EntryPoint\",\"urlTemplate\":\"https:\\\/\\\/www.o-s-s.org\\\/?s={search_term_string}\"},\"query-input\":{\"@type\":\"PropertyValueSpecification\",\"valueRequired\":true,\"valueName\":\"search_term_string\"}}],\"inLanguage\":\"es\"},{\"@type\":\"Organization\",\"@id\":\"https:\\\/\\\/www.o-s-s.org\\\/#organization\",\"name\":\"OSS Office for Strategic Spaces\",\"url\":\"https:\\\/\\\/www.o-s-s.org\\\/\",\"logo\":{\"@type\":\"ImageObject\",\"inLanguage\":\"es\",\"@id\":\"https:\\\/\\\/www.o-s-s.org\\\/#\\\/schema\\\/logo\\\/image\\\/\",\"url\":\"https:\\\/\\\/www.o-s-s.org\\\/wp-content\\\/uploads\\\/2017\\\/09\\\/logo-negro.png\",\"contentUrl\":\"https:\\\/\\\/www.o-s-s.org\\\/wp-content\\\/uploads\\\/2017\\\/09\\\/logo-negro.png\",\"width\":764,\"height\":48,\"caption\":\"OSS Office for Strategic Spaces\"},\"image\":{\"@id\":\"https:\\\/\\\/www.o-s-s.org\\\/#\\\/schema\\\/logo\\\/image\\\/\"},\"sameAs\":[\"https:\\\/\\\/www.facebook.com\\\/StrategicSpaces\\\/\",\"https:\\\/\\\/www.instagram.com\\\/officeforstrategicspaces\\\/\",\"https:\\\/\\\/www.youtube.com\\\/user\\\/strategicspaces\\\/\"]}]}<\/script>\n<!-- \/ Yoast SEO plugin. -->","yoast_head_json":{"title":"Estudio - Office for Strategic Spaces","robots":{"index":"index","follow":"follow","max-snippet":"max-snippet:-1","max-image-preview":"max-image-preview:large","max-video-preview":"max-video-preview:-1"},"canonical":"https:\/\/www.o-s-s.org\/es\/el-estudio\/","og_locale":"es_ES","og_type":"article","og_title":"Estudio - Office for Strategic Spaces","og_description":"Somos un estudio de arquitectura y arte con sede en Madrid, fundado en 1999 por \u00c1ngel Borrego Cubero. Combinamos servicios y proyectos profesionales con trabajos de investigaci\u00f3n, todos los cuales muestran nuestro activismo m\u00e1s o menos expl\u00edcito para una democracia m\u00e1s amplia y una participaci\u00f3n ciudadana informada, para una planificaci\u00f3n urbana y un mercado inmobiliario [&hellip;]","og_url":"https:\/\/www.o-s-s.org\/es\/el-estudio\/","og_site_name":"Office for Strategic Spaces","article_publisher":"https:\/\/www.facebook.com\/StrategicSpaces\/","article_modified_time":"2024-07-21T13:47:54+00:00","twitter_card":"summary_large_image","twitter_misc":{"Tiempo de lectura":"6 minutos"},"schema":{"@context":"https:\/\/schema.org","@graph":[{"@type":"WebPage","@id":"https:\/\/www.o-s-s.org\/es\/el-estudio\/","url":"https:\/\/www.o-s-s.org\/es\/el-estudio\/","name":"Estudio - Office for Strategic Spaces","isPartOf":{"@id":"https:\/\/www.o-s-s.org\/#website"},"datePublished":"2017-09-12T14:53:08+00:00","dateModified":"2024-07-21T13:47:54+00:00","breadcrumb":{"@id":"https:\/\/www.o-s-s.org\/es\/el-estudio\/#breadcrumb"},"inLanguage":"es","potentialAction":[{"@type":"ReadAction","target":["https:\/\/www.o-s-s.org\/es\/el-estudio\/"]}]},{"@type":"BreadcrumbList","@id":"https:\/\/www.o-s-s.org\/es\/el-estudio\/#breadcrumb","itemListElement":[{"@type":"ListItem","position":1,"name":"Portada","item":"https:\/\/www.o-s-s.org\/es\/"},{"@type":"ListItem","position":2,"name":"Estudio"}]},{"@type":"WebSite","@id":"https:\/\/www.o-s-s.org\/#website","url":"https:\/\/www.o-s-s.org\/","name":"OSS Office for Strategic Spaces","description":"Office for Strategic Spaces  I Arquitectura, Dise\u00f1o  &amp; Investigaci\u00f3n Urbana","publisher":{"@id":"https:\/\/www.o-s-s.org\/#organization"},"potentialAction":[{"@type":"SearchAction","target":{"@type":"EntryPoint","urlTemplate":"https:\/\/www.o-s-s.org\/?s={search_term_string}"},"query-input":{"@type":"PropertyValueSpecification","valueRequired":true,"valueName":"search_term_string"}}],"inLanguage":"es"},{"@type":"Organization","@id":"https:\/\/www.o-s-s.org\/#organization","name":"OSS Office for Strategic Spaces","url":"https:\/\/www.o-s-s.org\/","logo":{"@type":"ImageObject","inLanguage":"es","@id":"https:\/\/www.o-s-s.org\/#\/schema\/logo\/image\/","url":"https:\/\/www.o-s-s.org\/wp-content\/uploads\/2017\/09\/logo-negro.png","contentUrl":"https:\/\/www.o-s-s.org\/wp-content\/uploads\/2017\/09\/logo-negro.png","width":764,"height":48,"caption":"OSS Office for Strategic Spaces"},"image":{"@id":"https:\/\/www.o-s-s.org\/#\/schema\/logo\/image\/"},"sameAs":["https:\/\/www.facebook.com\/StrategicSpaces\/","https:\/\/www.instagram.com\/officeforstrategicspaces\/","https:\/\/www.youtube.com\/user\/strategicspaces\/"]}]}},"_links":{"self":[{"href":"https:\/\/www.o-s-s.org\/es\/wp-json\/wp\/v2\/pages\/17","targetHints":{"allow":["GET"]}}],"collection":[{"href":"https:\/\/www.o-s-s.org\/es\/wp-json\/wp\/v2\/pages"}],"about":[{"href":"https:\/\/www.o-s-s.org\/es\/wp-json\/wp\/v2\/types\/page"}],"author":[{"embeddable":true,"href":"https:\/\/www.o-s-s.org\/es\/wp-json\/wp\/v2\/users\/2"}],"replies":[{"embeddable":true,"href":"https:\/\/www.o-s-s.org\/es\/wp-json\/wp\/v2\/comments?post=17"}],"version-history":[{"count":8,"href":"https:\/\/www.o-s-s.org\/es\/wp-json\/wp\/v2\/pages\/17\/revisions"}],"predecessor-version":[{"id":4322,"href":"https:\/\/www.o-s-s.org\/es\/wp-json\/wp\/v2\/pages\/17\/revisions\/4322"}],"wp:attachment":[{"href":"https:\/\/www.o-s-s.org\/es\/wp-json\/wp\/v2\/media?parent=17"}],"curies":[{"name":"wp","href":"https:\/\/api.w.org\/{rel}","templated":true}]}}